{"id":3304,"date":"2017-08-21T03:42:09","date_gmt":"2017-08-21T03:42:09","guid":{"rendered":"http:\/\/www.lesvosrentals.gr\/tr\/?page_id=3304"},"modified":"2017-09-26T08:02:25","modified_gmt":"2017-09-26T08:02:25","slug":"eastern-lesvos","status":"publish","type":"page","link":"https:\/\/www.lesvosrentals.gr\/tr\/?page_id=3304","title":{"rendered":"Do\u011fu Lesvos"},"content":{"rendered":"<div class=\"su-row\">\n<div class=\"su-column su-column-size-2-5\"><div class=\"su-column-inner su-u-clearfix su-u-trim\">\n<p style=\"text-align: justify;\">Midilli\u2019nin kuzey \u00e7\u0131k\u0131\u015f\u0131ndan ilerlerken kar\u015f\u0131n\u0131za Thermi \u00e7\u0131kar. Bu b\u00f6lgede yemye\u015fil Karion tepesine hakim, d\u00fcnyan\u0131n heryerinden inananlar\u0131n ziyaret etti\u011fi mucizevi Ayos Rafail Kutsal Manast\u0131r\u0131n\u0131 bulacaks\u0131n\u0131z.<\/p>\n<p style=\"text-align: justify;\">Thermi\u2019de ayn\u0131 zamanda \u015fifal\u0131 sular\u0131yla Thermi Kapl\u0131calar\u0131 ve g\u00fczel sahili \u201cKanoni\u201d de size y\u00fczme imkan\u0131 sa\u011flayacak. Thermi\u2019den ayr\u0131l\u0131rken b\u00f6lgenin simgesi, eskinin nadir \u00f6rneklerinden olan otel \u201cSarl\u0131ca Palas\u201d \u0131n \u00f6n\u00fcnden ge\u00e7eceksiniz.<\/p>\n<p style=\"text-align: justify;\">Zeytinlikler ve kar\u015f\u0131daki K\u00fc\u00e7\u00fck Asya sahillerinin manzaras\u0131 aras\u0131ndan yol al\u0131rken \u00f6nce Mistegna ve \u00f6zg\u00fcn bal\u0131k\u00e7\u0131 liman\u0131 ile Skala Mistegnon k\u00f6y\u00fc, sonra Nees Kidonies ve kayal\u0131k liman\u0131 sizleri kar\u015f\u0131layacak.<\/p>\n<p style=\"text-align: justify;\">Daha kuzeyde Mandamados Do\u011fu Lesvos\u2019un en enteresan mimarisi ile dikkatinizi \u00e7ekecek. K\u00f6y\u00fcn biraz d\u0131\u015f\u0131ndaki \u00fcnl\u00fc mucizevi Taksiarchis kilise ve manast\u0131r\u0131nda \u00e7ok de\u011ferli tarihi par\u00e7alar korunmaktad\u0131r (Evrensel Patrik 5. Grigoriou\u2019nun rahiplik c\u00fcbbesi gibi).<\/p>\n<p style=\"text-align: justify;\">Mandamados\u2019un geleneksel \u00e7\u00f6mlekleri de \u00fcn salm\u0131\u015ft\u0131r. Bug\u00fcn restore edilmi\u015f hali ile k\u00fclt\u00fcr merkezi olarak faaliyet g\u00f6steren 19. y\u00fczy\u0131la ait zeytinya\u011f\u0131 fabrikas\u0131 da se\u00e7kin bir sanayi mimari \u00f6rne\u011fidir. Thermi b\u00f6lgesinde panay\u0131rlar\u0131yla \u00f6zde\u015fle\u015fen Komi ve Pigi beldeleri de yer almaktad\u0131r.<\/p>\n<\/div><\/div><div class=\"su-column su-column-size-2-5\"><div class=\"su-column-inner su-u-clearfix su-u-trim\">\n<div class=\"su-custom-gallery su-custom-gallery-align-left su-custom-gallery-title-never su-lightbox-gallery\"><div class=\"su-custom-gallery-slide\" style=\"width:140px;height:120px\"><a href=\"https:\/\/www.lesvosrentals.gr\/tr\/wp-content\/uploads\/2017\/08\/01_mytilini-vorio-limani.jpg\" title=\"OLYMPUS DIGITAL CAMERA\"><img src=\"https:\/\/www.lesvosrentals.gr\/tr\/wp-content\/uploads\/2017\/08\/01_mytilini-vorio-limani-140x120.jpg\" alt=\"OLYMPUS DIGITAL CAMERA\" width=\"140\" height=\"120\" \/><span class=\"su-custom-gallery-title\">OLYMPUS DIGITAL CAMERA<\/span><\/a><\/div><div class=\"su-custom-gallery-slide\" style=\"width:140px;height:120px\"><a href=\"https:\/\/www.lesvosrentals.gr\/tr\/wp-content\/uploads\/2017\/08\/01_mytilini-vorio-limani-night.jpg\" title=\"01_mytilini-vorio-limani-night\"><img src=\"https:\/\/www.lesvosrentals.gr\/tr\/wp-content\/uploads\/2017\/08\/01_mytilini-vorio-limani-night-140x120.jpg\" alt=\"01_mytilini-vorio-limani-night\" width=\"140\" height=\"120\" \/><span class=\"su-custom-gallery-title\">01_mytilini-vorio-limani-night<\/span><\/a><\/div><div class=\"su-custom-gallery-slide\" style=\"width:140px;height:120px\"><a href=\"https:\/\/www.lesvosrentals.gr\/tr\/wp-content\/uploads\/2017\/08\/01_mytlini-limani.jpg\" title=\"01_mytlini-limani\"><img src=\"https:\/\/www.lesvosrentals.gr\/tr\/wp-content\/uploads\/2017\/08\/01_mytlini-limani-140x120.jpg\" alt=\"01_mytlini-limani\" width=\"140\" height=\"120\" \/><span class=\"su-custom-gallery-title\">01_mytlini-limani<\/span><\/a><\/div><div class=\"su-custom-gallery-slide\" style=\"width:140px;height:120px\"><a href=\"https:\/\/www.lesvosrentals.gr\/tr\/wp-content\/uploads\/2017\/08\/01_panagiouda_aero.jpg\" title=\"01_panagiouda_aero\"><img src=\"https:\/\/www.lesvosrentals.gr\/tr\/wp-content\/uploads\/2017\/08\/01_panagiouda_aero-140x120.jpg\" alt=\"01_panagiouda_aero\" width=\"140\" height=\"120\" \/><span class=\"su-custom-gallery-title\">01_panagiouda_aero<\/span><\/a><\/div><div class=\"su-custom-gallery-slide\" style=\"width:140px;height:120px\"><a href=\"https:\/\/www.lesvosrentals.gr\/tr\/wp-content\/uploads\/2017\/08\/01_ther-agios_rafail.jpg\" title=\"01_ther-agios_rafail\"><img src=\"https:\/\/www.lesvosrentals.gr\/tr\/wp-content\/uploads\/2017\/08\/01_ther-agios_rafail-140x120.jpg\" alt=\"01_ther-agios_rafail\" width=\"140\" height=\"120\" \/><span class=\"su-custom-gallery-title\">01_ther-agios_rafail<\/span><\/a><\/div><div class=\"su-custom-gallery-slide\" style=\"width:140px;height:120px\"><a href=\"https:\/\/www.lesvosrentals.gr\/tr\/wp-content\/uploads\/2017\/08\/01_therm-agiosgeorgios.jpg\" title=\"01_therm-agiosgeorgios\"><img src=\"https:\/\/www.lesvosrentals.gr\/tr\/wp-content\/uploads\/2017\/08\/01_therm-agiosgeorgios-140x120.jpg\" alt=\"01_therm-agiosgeorgios\" width=\"140\" height=\"120\" \/><span class=\"su-custom-gallery-title\">01_therm-agiosgeorgios<\/span><\/a><\/div><div class=\"su-custom-gallery-slide\" style=\"width:140px;height:120px\"><a href=\"https:\/\/www.lesvosrentals.gr\/tr\/wp-content\/uploads\/2017\/08\/01_thermi.jpg\" title=\"01_thermi\"><img src=\"https:\/\/www.lesvosrentals.gr\/tr\/wp-content\/uploads\/2017\/08\/01_thermi-140x120.jpg\" alt=\"01_thermi\" width=\"140\" height=\"120\" \/><span class=\"su-custom-gallery-title\">01_thermi<\/span><\/a><\/div><div class=\"su-custom-gallery-slide\" style=\"width:140px;height:120px\"><a href=\"https:\/\/www.lesvosrentals.gr\/tr\/wp-content\/uploads\/2017\/08\/01_thermi1.jpg\" title=\"01_thermi1\"><img src=\"https:\/\/www.lesvosrentals.gr\/tr\/wp-content\/uploads\/2017\/08\/01_thermi1-140x120.jpg\" alt=\"01_thermi1\" width=\"140\" height=\"120\" \/><span class=\"su-custom-gallery-title\">01_thermi1<\/span><\/a><\/div><div class=\"su-custom-gallery-slide\" style=\"width:140px;height:120px\"><a href=\"https:\/\/www.lesvosrentals.gr\/tr\/wp-content\/uploads\/2017\/08\/01_thermi1-kanoni.jpg\" title=\"01_thermi1-kanoni\"><img src=\"https:\/\/www.lesvosrentals.gr\/tr\/wp-content\/uploads\/2017\/08\/01_thermi1-kanoni-140x120.jpg\" alt=\"01_thermi1-kanoni\" width=\"140\" height=\"120\" \/><span class=\"su-custom-gallery-title\">01_thermi1-kanoni<\/span><\/a><\/div><div class=\"su-custom-gallery-slide\" style=\"width:140px;height:120px\"><a href=\"https:\/\/www.lesvosrentals.gr\/tr\/wp-content\/uploads\/2017\/08\/01_thermi2.jpg\" title=\"01_thermi2\"><img src=\"https:\/\/www.lesvosrentals.gr\/tr\/wp-content\/uploads\/2017\/08\/01_thermi2-140x120.jpg\" alt=\"01_thermi2\" width=\"140\" height=\"120\" \/><span class=\"su-custom-gallery-title\">01_thermi2<\/span><\/a><\/div><div class=\"su-custom-gallery-slide\" style=\"width:140px;height:120px\"><a href=\"https:\/\/www.lesvosrentals.gr\/tr\/wp-content\/uploads\/2017\/08\/01_thermi-ag-georgios.jpg\" title=\"01_thermi-ag-georgios\"><img src=\"https:\/\/www.lesvosrentals.gr\/tr\/wp-content\/uploads\/2017\/08\/01_thermi-ag-georgios-140x120.jpg\" alt=\"01_thermi-ag-georgios\" width=\"140\" height=\"120\" \/><span class=\"su-custom-gallery-title\">01_thermi-ag-georgios<\/span><\/a><\/div><div class=\"su-custom-gallery-slide\" style=\"width:140px;height:120px\"><a href=\"https:\/\/www.lesvosrentals.gr\/tr\/wp-content\/uploads\/2017\/08\/01_thermi-myloa.jpg\" title=\"01_thermi-myloa\"><img src=\"https:\/\/www.lesvosrentals.gr\/tr\/wp-content\/uploads\/2017\/08\/01_thermi-myloa-140x120.jpg\" alt=\"01_thermi-myloa\" width=\"140\" height=\"120\" \/><span class=\"su-custom-gallery-title\">01_thermi-myloa<\/span><\/a><\/div><div class=\"su-custom-gallery-slide\" style=\"width:140px;height:120px\"><a href=\"https:\/\/www.lesvosrentals.gr\/tr\/wp-content\/uploads\/2017\/08\/01_thermi-petalidi.jpg\" title=\"01_thermi-petalidi\"><img src=\"https:\/\/www.lesvosrentals.gr\/tr\/wp-content\/uploads\/2017\/08\/01_thermi-petalidi-140x120.jpg\" alt=\"01_thermi-petalidi\" width=\"140\" height=\"120\" \/><span class=\"su-custom-gallery-title\">01_thermi-petalidi<\/span><\/a><\/div><div class=\"su-custom-gallery-slide\" style=\"width:140px;height:120px\"><a href=\"https:\/\/www.lesvosrentals.gr\/tr\/wp-content\/uploads\/2017\/08\/01_thermi-platia.jpg\" title=\"01_thermi-platia\"><img src=\"https:\/\/www.lesvosrentals.gr\/tr\/wp-content\/uploads\/2017\/08\/01_thermi-platia-140x120.jpg\" alt=\"01_thermi-platia\" width=\"140\" height=\"120\" \/><span class=\"su-custom-gallery-title\">01_thermi-platia<\/span><\/a><\/div><div class=\"su-custom-gallery-slide\" style=\"width:140px;height:120px\"><a href=\"https:\/\/www.lesvosrentals.gr\/tr\/wp-content\/uploads\/2017\/08\/01_thermi-sarlza.jpg\" title=\"01_thermi-sarlza\"><img src=\"https:\/\/www.lesvosrentals.gr\/tr\/wp-content\/uploads\/2017\/08\/01_thermi-sarlza-140x120.jpg\" alt=\"01_thermi-sarlza\" width=\"140\" height=\"120\" \/><span class=\"su-custom-gallery-title\">01_thermi-sarlza<\/span><\/a><\/div><div class=\"su-custom-gallery-slide\" style=\"width:140px;height:120px\"><a href=\"https:\/\/www.lesvosrentals.gr\/tr\/wp-content\/uploads\/2017\/08\/01_thermi-therma-loutra.jpg\" title=\"01_thermi-therma-loutra\"><img src=\"https:\/\/www.lesvosrentals.gr\/tr\/wp-content\/uploads\/2017\/08\/01_thermi-therma-loutra-140x120.jpg\" alt=\"01_thermi-therma-loutra\" width=\"140\" height=\"120\" \/><span class=\"su-custom-gallery-title\">01_thermi-therma-loutra<\/span><\/a><\/div><div class=\"su-custom-gallery-slide\" style=\"width:140px;height:120px\"><a href=\"https:\/\/www.lesvosrentals.gr\/tr\/wp-content\/uploads\/2017\/08\/01_therm-panagia.jpg\" title=\"01_therm-panagia\"><img src=\"https:\/\/www.lesvosrentals.gr\/tr\/wp-content\/uploads\/2017\/08\/01_therm-panagia-140x120.jpg\" alt=\"01_therm-panagia\" width=\"140\" height=\"120\" \/><span class=\"su-custom-gallery-title\">01_therm-panagia<\/span><\/a><\/div><div class=\"su-custom-gallery-slide\" style=\"width:140px;height:120px\"><a href=\"https:\/\/www.lesvosrentals.gr\/tr\/wp-content\/uploads\/2017\/08\/01_ther-ydrag.jpg\" title=\"01_ther-ydrag\"><img src=\"https:\/\/www.lesvosrentals.gr\/tr\/wp-content\/uploads\/2017\/08\/01_ther-ydrag-140x120.jpg\" alt=\"01_ther-ydrag\" width=\"140\" height=\"120\" \/><span class=\"su-custom-gallery-title\">01_ther-ydrag<\/span><\/a><\/div><div class=\"su-custom-gallery-slide\" style=\"width:140px;height:120px\"><a href=\"https:\/\/www.lesvosrentals.gr\/tr\/wp-content\/uploads\/2017\/08\/01a_plaz-eot.jpg\" title=\"01a_plaz-eot\"><img src=\"https:\/\/www.lesvosrentals.gr\/tr\/wp-content\/uploads\/2017\/08\/01a_plaz-eot-140x120.jpg\" alt=\"01a_plaz-eot\" width=\"140\" height=\"120\" \/><span class=\"su-custom-gallery-title\">01a_plaz-eot<\/span><\/a><\/div><div class=\"su-custom-gallery-slide\" style=\"width:140px;height:120px\"><a href=\"https:\/\/www.lesvosrentals.gr\/tr\/wp-content\/uploads\/2017\/08\/02_mpaltziki.jpg\" title=\"02_mpaltziki\"><img src=\"https:\/\/www.lesvosrentals.gr\/tr\/wp-content\/uploads\/2017\/08\/02_mpaltziki-140x120.jpg\" alt=\"02_mpaltziki\" width=\"140\" height=\"120\" \/><span class=\"su-custom-gallery-title\">02_mpaltziki<\/span><\/a><\/div><div class=\"su-custom-gallery-slide\" style=\"width:140px;height:120px\"><a href=\"https:\/\/www.lesvosrentals.gr\/tr\/wp-content\/uploads\/2017\/08\/02_mpaltziki2.jpg\" title=\"02_mpaltziki2\"><img src=\"https:\/\/www.lesvosrentals.gr\/tr\/wp-content\/uploads\/2017\/08\/02_mpaltziki2-140x120.jpg\" alt=\"02_mpaltziki2\" width=\"140\" height=\"120\" \/><span class=\"su-custom-gallery-title\">02_mpaltziki2<\/span><\/a><\/div><div class=\"su-custom-gallery-slide\" style=\"width:140px;height:120px\"><a href=\"https:\/\/www.lesvosrentals.gr\/tr\/wp-content\/uploads\/2017\/08\/02-mantama-1.jpg\" title=\"OLYMPUS DIGITAL CAMERA\"><img src=\"https:\/\/www.lesvosrentals.gr\/tr\/wp-content\/uploads\/2017\/08\/02-mantama-1-140x120.jpg\" alt=\"OLYMPUS DIGITAL CAMERA\" width=\"140\" height=\"120\" \/><span class=\"su-custom-gallery-title\">OLYMPUS DIGITAL CAMERA<\/span><\/a><\/div><div class=\"su-custom-gallery-slide\" style=\"width:140px;height:120px\"><a href=\"https:\/\/www.lesvosrentals.gr\/tr\/wp-content\/uploads\/2017\/08\/02-mantama-1_taxiarxis_1out.jpg\" title=\"02-mantama-1_taxiarxis_1out\"><img src=\"https:\/\/www.lesvosrentals.gr\/tr\/wp-content\/uploads\/2017\/08\/02-mantama-1_taxiarxis_1out-140x120.jpg\" alt=\"02-mantama-1_taxiarxis_1out\" width=\"140\" height=\"120\" \/><span class=\"su-custom-gallery-title\">02-mantama-1_taxiarxis_1out<\/span><\/a><\/div><div class=\"su-custom-gallery-slide\" style=\"width:140px;height:120px\"><a href=\"https:\/\/www.lesvosrentals.gr\/tr\/wp-content\/uploads\/2017\/08\/02-mantama-1a.jpg\" title=\"02-mantama-1a\"><img src=\"https:\/\/www.lesvosrentals.gr\/tr\/wp-content\/uploads\/2017\/08\/02-mantama-1a-140x120.jpg\" alt=\"02-mantama-1a\" width=\"140\" height=\"120\" \/><span class=\"su-custom-gallery-title\">02-mantama-1a<\/span><\/a><\/div><div class=\"su-custom-gallery-slide\" style=\"width:140px;height:120px\"><a href=\"https:\/\/www.lesvosrentals.gr\/tr\/wp-content\/uploads\/2017\/08\/02-mantama-2_taxiarxis_inner_entr.jpg\" title=\"02-mantama-2_taxiarxis_inner_entr\"><img src=\"https:\/\/www.lesvosrentals.gr\/tr\/wp-content\/uploads\/2017\/08\/02-mantama-2_taxiarxis_inner_entr-140x120.jpg\" alt=\"02-mantama-2_taxiarxis_inner_entr\" width=\"140\" height=\"120\" \/><span class=\"su-custom-gallery-title\">02-mantama-2_taxiarxis_inner_entr<\/span><\/a><\/div><div class=\"su-custom-gallery-slide\" style=\"width:140px;height:120px\"><a href=\"https:\/\/www.lesvosrentals.gr\/tr\/wp-content\/uploads\/2017\/08\/02-taxiarxis-manta.jpg\" title=\"02-taxiarxis-manta\"><img src=\"https:\/\/www.lesvosrentals.gr\/tr\/wp-content\/uploads\/2017\/08\/02-taxiarxis-manta-140x120.jpg\" alt=\"02-taxiarxis-manta\" width=\"140\" height=\"120\" \/><span class=\"su-custom-gallery-title\">02-taxiarxis-manta<\/span><\/a><\/div><div class=\"su-custom-gallery-slide\" style=\"width:140px;height:120px\"><a href=\"https:\/\/www.lesvosrentals.gr\/tr\/wp-content\/uploads\/2017\/08\/02-taxiarxis-manta2.jpg\" title=\"02-taxiarxis-manta2\"><img src=\"https:\/\/www.lesvosrentals.gr\/tr\/wp-content\/uploads\/2017\/08\/02-taxiarxis-manta2-140x120.jpg\" alt=\"02-taxiarxis-manta2\" width=\"140\" height=\"120\" \/><span class=\"su-custom-gallery-title\">02-taxiarxis-manta2<\/span><\/a><\/div><div class=\"su-custom-gallery-slide\" style=\"width:140px;height:120px\"><a href=\"https:\/\/www.lesvosrentals.gr\/tr\/wp-content\/uploads\/2017\/08\/02-xambelia.jpg\" title=\"02-xambelia\"><img src=\"https:\/\/www.lesvosrentals.gr\/tr\/wp-content\/uploads\/2017\/08\/02-xambelia-140x120.jpg\" alt=\"02-xambelia\" width=\"140\" height=\"120\" \/><span class=\"su-custom-gallery-title\">02-xambelia<\/span><\/a><\/div><div class=\"su-custom-gallery-slide\" style=\"width:140px;height:120px\"><a href=\"https:\/\/www.lesvosrentals.gr\/tr\/wp-content\/uploads\/2017\/08\/03_DSC7900.jpg\" title=\"03_DSC7900\"><img src=\"https:\/\/www.lesvosrentals.gr\/tr\/wp-content\/uploads\/2017\/08\/03_DSC7900-140x120.jpg\" alt=\"03_DSC7900\" width=\"140\" height=\"120\" \/><span class=\"su-custom-gallery-title\">03_DSC7900<\/span><\/a><\/div><div class=\"su-custom-gallery-slide\" style=\"width:140px;height:120px\"><a href=\"https:\/\/www.lesvosrentals.gr\/tr\/wp-content\/uploads\/2017\/08\/03-anemoessa-06.jpg\" title=\"03-anemoessa-06\"><img src=\"https:\/\/www.lesvosrentals.gr\/tr\/wp-content\/uploads\/2017\/08\/03-anemoessa-06-140x120.jpg\" alt=\"03-anemoessa-06\" width=\"140\" height=\"120\" \/><span class=\"su-custom-gallery-title\">03-anemoessa-06<\/span><\/a><\/div><div class=\"su-custom-gallery-slide\" style=\"width:140px;height:120px\"><a href=\"https:\/\/www.lesvosrentals.gr\/tr\/wp-content\/uploads\/2017\/08\/03-astakomakaronada-08.jpg\" title=\"03-astakomakaronada-08\"><img src=\"https:\/\/www.lesvosrentals.gr\/tr\/wp-content\/uploads\/2017\/08\/03-astakomakaronada-08-140x120.jpg\" alt=\"03-astakomakaronada-08\" width=\"140\" height=\"120\" \/><span class=\"su-custom-gallery-title\">03-astakomakaronada-08<\/span><\/a><\/div><div class=\"su-custom-gallery-slide\" style=\"width:140px;height:120px\"><a href=\"https:\/\/www.lesvosrentals.gr\/tr\/wp-content\/uploads\/2017\/08\/03c-sykamnia-skala-aero.jpg\" title=\"03c-sykamnia-skala-aero\"><img src=\"https:\/\/www.lesvosrentals.gr\/tr\/wp-content\/uploads\/2017\/08\/03c-sykamnia-skala-aero-140x120.jpg\" alt=\"03c-sykamnia-skala-aero\" width=\"140\" height=\"120\" \/><span class=\"su-custom-gallery-title\">03c-sykamnia-skala-aero<\/span><\/a><\/div><div class=\"su-custom-gallery-slide\" style=\"width:140px;height:120px\"><a href=\"https:\/\/www.lesvosrentals.gr\/tr\/wp-content\/uploads\/2017\/08\/03-kalamari.jpg\" title=\"03-kalamari\"><img src=\"https:\/\/www.lesvosrentals.gr\/tr\/wp-content\/uploads\/2017\/08\/03-kalamari-140x120.jpg\" alt=\"03-kalamari\" width=\"140\" height=\"120\" \/><span class=\"su-custom-gallery-title\">03-kalamari<\/span><\/a><\/div><div class=\"su-custom-gallery-slide\" style=\"width:140px;height:120px\"><a href=\"https:\/\/www.lesvosrentals.gr\/tr\/wp-content\/uploads\/2017\/08\/03-sykaminia-eklisaki.jpg\" title=\"03-sykaminia-eklisaki\"><img src=\"https:\/\/www.lesvosrentals.gr\/tr\/wp-content\/uploads\/2017\/08\/03-sykaminia-eklisaki-140x120.jpg\" alt=\"03-sykaminia-eklisaki\" width=\"140\" height=\"120\" \/><span class=\"su-custom-gallery-title\">03-sykaminia-eklisaki<\/span><\/a><\/div><div class=\"su-custom-gallery-slide\" style=\"width:140px;height:120px\"><a href=\"https:\/\/www.lesvosrentals.gr\/tr\/wp-content\/uploads\/2017\/08\/03-sykamnia-skala-limani.jpg\" title=\"03-sykamnia-skala-limani\"><img src=\"https:\/\/www.lesvosrentals.gr\/tr\/wp-content\/uploads\/2017\/08\/03-sykamnia-skala-limani-140x120.jpg\" alt=\"03-sykamnia-skala-limani\" width=\"140\" height=\"120\" \/><span class=\"su-custom-gallery-title\">03-sykamnia-skala-limani<\/span><\/a><\/div><div class=\"su-custom-gallery-slide\" style=\"width:140px;height:120px\"><a href=\"https:\/\/www.lesvosrentals.gr\/tr\/wp-content\/uploads\/2017\/08\/DSC02340.jpg\" title=\"DSC02340\"><img src=\"https:\/\/www.lesvosrentals.gr\/tr\/wp-content\/uploads\/2017\/08\/DSC02340-140x120.jpg\" alt=\"DSC02340\" width=\"140\" height=\"120\" \/><span class=\"su-custom-gallery-title\">DSC02340<\/span><\/a><\/div><div class=\"su-clear\"><\/div><\/div>\n<\/div><\/div><div class=\"su-column su-column-size-1-5\"><div class=\"su-column-inner su-u-clearfix su-u-trim\">\n<div class=\"su-button-center\"><a href=\"http:\/\/www.lesvosrentals.gr\/tr\/?page_id=3247\" class=\"su-button su-button-style-soft su-button-wide\" style=\"color:#FFFFFF;background-color:#0072ff;border-color:#005ccc;border-radius:5px\" target=\"_self\"><span style=\"color:#FFFFFF;padding:6px 18px;font-size:14px;line-height:21px;border-color:#4d9dff;border-radius:5px;text-shadow:none\"><i class=\"sui sui-photo\" style=\"font-size:14px;color:#FFFFFF\"><\/i> Lesvos Adas\u0131<\/span><\/a><\/div>\n<div class=\"su-button-center\"><a href=\"http:\/\/www.lesvosrentals.gr\/tr\/?page_id=3304\" class=\"su-button su-button-style-soft su-button-wide\" style=\"color:#FFFFFF;background-color:#e77844;border-color:#b96037;border-radius:5px\" target=\"_self\"><span style=\"color:#FFFFFF;padding:6px 18px;font-size:14px;line-height:21px;border-color:#efa17d;border-radius:5px;text-shadow:none\"><i class=\"sui sui-road\" style=\"font-size:14px;color:#FFFFFF\"><\/i> Do\u011fu Lesvos<\/span><\/a><\/div>\n<div class=\"su-button-center\"><a href=\"http:\/\/www.lesvosrentals.gr\/tr\/?page_id=3343\" class=\"su-button su-button-style-soft su-button-wide\" style=\"color:#FFFFFF;background-color:#e77844;border-color:#b96037;border-radius:5px\" target=\"_self\"><span style=\"color:#FFFFFF;padding:6px 18px;font-size:14px;line-height:21px;border-color:#efa17d;border-radius:5px;text-shadow:none\"><i class=\"sui sui-road\" style=\"font-size:14px;color:#FFFFFF\"><\/i> Kuzey Lesvos<\/span><\/a><\/div>\n<div class=\"su-button-center\"><a href=\"http:\/\/www.lesvosrentals.gr\/tr\/?page_id=3399\" class=\"su-button su-button-style-soft su-button-wide\" style=\"color:#FFFFFF;background-color:#e77844;border-color:#b96037;border-radius:5px\" target=\"_self\"><span style=\"color:#FFFFFF;padding:6px 18px;font-size:14px;line-height:21px;border-color:#efa17d;border-radius:5px;text-shadow:none\"><i class=\"sui sui-road\" style=\"font-size:14px;color:#FFFFFF\"><\/i> Bat\u0131 Lesvos<\/span><\/a><\/div>\n<div class=\"su-button-center\"><a href=\"http:\/\/www.lesvosrentals.gr\/tr\/?page_id=3440\" class=\"su-button su-button-style-soft su-button-wide\" style=\"color:#FFFFFF;background-color:#e77844;border-color:#b96037;border-radius:5px\" target=\"_self\"><span style=\"color:#FFFFFF;padding:6px 18px;font-size:14px;line-height:21px;border-color:#efa17d;border-radius:5px;text-shadow:none\"><i class=\"sui sui-road\" style=\"font-size:14px;color:#FFFFFF\"><\/i> G\u00fcney Lesvos<\/span><\/a><\/div>\n<div class=\"su-button-center\"><a href=\"http:\/\/www.lesvosrentals.gr\/tr\/?page_id=3367\" class=\"su-button su-button-style-soft su-button-wide\" style=\"color:#FFFFFF;background-color:#e77844;border-color:#b96037;border-radius:5px\" target=\"_self\"><span style=\"color:#FFFFFF;padding:6px 18px;font-size:14px;line-height:21px;border-color:#efa17d;border-radius:5px;text-shadow:none\"><i class=\"sui sui-road\" style=\"font-size:14px;color:#FFFFFF\"><\/i> Merkez Lesvos<\/span><\/a><\/div>\n<div class=\"su-button-center\"><a href=\"http:\/\/www.lesvosrentals.gr\/tr\/?page_id=3509\" class=\"su-button su-button-style-soft su-button-wide\" style=\"color:#FFFFFF;background-color:#0072ff;border-color:#005ccc;border-radius:5px\" target=\"_self\"><span style=\"color:#FFFFFF;padding:6px 18px;font-size:14px;line-height:21px;border-color:#4d9dff;border-radius:5px;text-shadow:none\"><i class=\"sui sui-map-marker\" style=\"font-size:14px;color:#FFFFFF\"><\/i> Lesvos Haritas\u0131<\/span><\/a><\/div>\n<\/div><\/div>\n<\/div>\n","protected":false},"excerpt":{"rendered":"Midilli\u2019nin kuzey \u00e7\u0131k\u0131\u015f\u0131ndan ilerlerken kar\u015f\u0131n\u0131za Thermi \u00e7\u0131kar. Bu b\u00f6lgede yemye\u015fil Karion tepesine hakim, d\u00fcnyan\u0131n heryerinden inananlar\u0131n ziyaret etti\u011fi mucizevi Ayos Rafail Kutsal Manast\u0131r\u0131n\u0131 bulacaks\u0131n\u0131z. Thermi\u2019de ayn\u0131 zamanda \u015fifal\u0131 sular\u0131yla Thermi Kapl\u0131calar\u0131 ve g\u00fczel sahili \u201cKanoni\u201d de size y\u00fczme imkan\u0131 sa\u011flayacak. [...]","protected":false},"author":1,"featured_media":0,"parent":0,"menu_order":0,"comment_status":"closed","ping_status":"closed","template":"","meta":[],"_links":{"self":[{"href":"https:\/\/www.lesvosrentals.gr\/tr\/index.php?rest_route=\/wp\/v2\/pages\/3304"}],"collection":[{"href":"https:\/\/www.lesvosrentals.gr\/tr\/index.php?rest_route=\/wp\/v2\/pages"}],"about":[{"href":"https:\/\/www.lesvosrentals.gr\/tr\/index.php?rest_route=\/wp\/v2\/types\/page"}],"author":[{"embeddable":true,"href":"https:\/\/www.lesvosrentals.gr\/tr\/index.php?rest_route=\/wp\/v2\/users\/1"}],"replies":[{"embeddable":true,"href":"https:\/\/www.lesvosrentals.gr\/tr\/index.php?rest_route=%2Fwp%2Fv2%2Fcomments&post=3304"}],"version-history":[{"count":10,"href":"https:\/\/www.lesvosrentals.gr\/tr\/index.php?rest_route=\/wp\/v2\/pages\/3304\/revisions"}],"predecessor-version":[{"id":3844,"href":"https:\/\/www.lesvosrentals.gr\/tr\/index.php?rest_route=\/wp\/v2\/pages\/3304\/revisions\/3844"}],"wp:attachment":[{"href":"https:\/\/www.lesvosrentals.gr\/tr\/index.php?rest_route=%2Fwp%2Fv2%2Fmedia&parent=3304"}],"curies":[{"name":"wp","href":"https:\/\/api.w.org\/{rel}","templated":true}]}}